{"id":444,"date":"2015-02-16T00:15:55","date_gmt":"2015-02-16T00:15:55","guid":{"rendered":"http:\/\/www.abbevillelariviere.fr\/?page_id=444"},"modified":"2015-02-22T15:09:07","modified_gmt":"2015-02-22T15:09:07","slug":"les-prospectus-de-la-mairie","status":"publish","type":"page","link":"http:\/\/www.abbevillelariviere.fr\/?page_id=444","title":{"rendered":"Les plaquettes d&#8217;information disponibles en Mairie"},"content":{"rendered":"\n\t\t\n\t\t<div class=\"wc-shortcodes-posts-wrapper\"><div id=\"wc-shortcodes-posts-1\" data-gutter-space=\"20\" data-columns=\"3\" class=\"wc-shortcodes-posts wc-shortcodes-clearfix wc-shortcodes-posts-col-3 wc-shortcodes-posts-layout-masonry wc-shortcodes-posts-template-box wc-shortcodes-posts-gutter-space-20\"><div id=\"post-702\" class=\"wc-shortcodes-filter-au-quotidien wc-shortcodes-filter-les-prospectus wc-shortcodes-post-box post-702 post type-post status-publish format-standard has-post-thumbnail hentry category-au-quotidien category-les-prospectus\">\n\t<div class=\"wc-shortcodes-post-border\">\n\t\t\t\t\t<div class=\"wc-shortcodes-entry-thumbnail\">\n\t\t\t\t<a href=\"http:\/\/www.abbevillelariviere.fr\/?p=702\"><img loading=\"lazy\" decoding=\"async\" width=\"1024\" height=\"530\" src=\"http:\/\/www.abbevillelariviere.fr\/wp-content\/uploads\/2015\/03\/TAD2-1024x530.jpg\" class=\"attachment-large size-large wp-post-image\" alt=\"\" srcset=\"http:\/\/www.abbevillelariviere.fr\/wp-content\/uploads\/2015\/03\/TAD2-1024x530.jpg 1024w, http:\/\/www.abbevillelariviere.fr\/wp-content\/uploads\/2015\/03\/TAD2-300x155.jpg 300w, http:\/\/www.abbevillelariviere.fr\/wp-content\/uploads\/2015\/03\/TAD2-600x311.jpg 600w, http:\/\/www.abbevillelariviere.fr\/wp-content\/uploads\/2015\/03\/TAD2.jpg 1139w\" sizes=\"(max-width: 1024px) 100vw, 1024px\" \/><\/a>\n\t\t\t<\/div>\n\t\t\n\t\t<div class=\"wc-shortcodes-post-content\">\n\t\t\t\t\t\t<div class=\"wc-shortcodes-entry-header\">\n\t\t\t\t<h2 class=\"wc-shortcodes-entry-title\">\n\t\t\t\t\t<a href=\"http:\/\/www.abbevillelariviere.fr\/?p=702\" rel=\"bookmark\">Transport \u00e0 La Demande TAD<\/a>\n\t\t\t\t<\/h2>\n\t\t\t<\/div><!-- .entry-header -->\n\t\t\t\n\t\t\t\t\t\t<div class=\"wc-shortcodes-entry-summary\">\n\t\t\t\t<p>Le TAD est un mode de transport de voyageurs. Un minibus vous prend en charge et vous d\u00e9pose \u00e0 un point d\u2019arr\u00eat d\u00e9fini d\u2019une autre commune de votre zone ou&hellip;<\/p>\n\t\t\t<\/div><!-- .entry-summary -->\n\t\t\t\n\t\t\t\n\t\t\t\t<div class=\"wc-shortcodes-footer-entry-meta wc-shortcodes-clearfix\">\n\t\t<div class=\"wc-shortcodes-entry-meta-inner wc-shortcodes-clearfix\">\n\t\t\t\t\t\t\t\t\t\t\n\t\t\t\n\t\t\t\t\t\t<span class=\"wc-shortcodes-author\"><span class=\"wc-shortcodes-by\">By<\/span> <a class=\"wc-shortcodes-url\" href=\"http:\/\/www.abbevillelariviere.fr\/?author=2\" title=\"Service Communication\" rel=\"author\">Service Communication<\/a><\/span><span class=\"wc-shortcodes-sep\">|<\/span><span class=\"wc-shortcodes-date\"><a href=\"http:\/\/www.abbevillelariviere.fr\/?p=702\" title=\"Permalink to Transport \u00e0 La Demande TAD\" rel=\"bookmark\"><time class=\"wc-shortcodes-entry-date\" datetime=\"2015-02-12T12:51:05+01:00\">F\u00e9v 12, 2015<\/time><\/a><\/span>\t\t<\/div>\n\t<\/div><!-- .wc-shortcodes-footer-entry-meta -->\n\n\t\t<\/div><!-- .wc-shortcodes-post-content -->\n\t<\/div><!-- .wc-shortcodes-post-border -->\n<\/div><!-- #post -->\n<div id=\"post-477\" class=\"wc-shortcodes-filter-les-prospectus wc-shortcodes-post-box post-477 post type-post status-publish format-standard has-post-thumbnail hentry category-les-prospectus\">\n\t<div class=\"wc-shortcodes-post-border\">\n\t\t\t\t\t<div class=\"wc-shortcodes-entry-thumbnail\">\n\t\t\t\t<a href=\"http:\/\/www.abbevillelariviere.fr\/?p=477\"><img loading=\"lazy\" decoding=\"async\" width=\"691\" height=\"297\" src=\"http:\/\/www.abbevillelariviere.fr\/wp-content\/uploads\/2015\/02\/solidarite.png\" class=\"attachment-large size-large wp-post-image\" alt=\"\" srcset=\"http:\/\/www.abbevillelariviere.fr\/wp-content\/uploads\/2015\/02\/solidarite.png 691w, http:\/\/www.abbevillelariviere.fr\/wp-content\/uploads\/2015\/02\/solidarite-300x129.png 300w, http:\/\/www.abbevillelariviere.fr\/wp-content\/uploads\/2015\/02\/solidarite-600x258.png 600w\" sizes=\"(max-width: 691px) 100vw, 691px\" \/><\/a>\n\t\t\t<\/div>\n\t\t\n\t\t<div class=\"wc-shortcodes-post-content\">\n\t\t\t\t\t\t<div class=\"wc-shortcodes-entry-header\">\n\t\t\t\t<h2 class=\"wc-shortcodes-entry-title\">\n\t\t\t\t\t<a href=\"http:\/\/www.abbevillelariviere.fr\/?p=477\" rel=\"bookmark\">le CLIC au service de nos ain\u00e9s !<\/a>\n\t\t\t\t<\/h2>\n\t\t\t<\/div><!-- .entry-header -->\n\t\t\t\n\t\t\t\t\t\t<div class=\"wc-shortcodes-entry-summary\">\n\t\t\t\t<p>T\u00e9l\u00e9chargez la plaquette Le CLIC, au service de nos ain\u00e9s ! Les Centres Locaux d\u2019Information et de Coordination\u00a0 (CLIC)\u00a0 ont pour objectif l\u2019am\u00e9lioration des conditions de vie au domicile des&hellip;<\/p>\n\t\t\t<\/div><!-- .entry-summary -->\n\t\t\t\n\t\t\t\n\t\t\t\t<div class=\"wc-shortcodes-footer-entry-meta wc-shortcodes-clearfix\">\n\t\t<div class=\"wc-shortcodes-entry-meta-inner wc-shortcodes-clearfix\">\n\t\t\t\t\t\t\t\t\t\t\n\t\t\t\n\t\t\t\t\t\t<span class=\"wc-shortcodes-author\"><span class=\"wc-shortcodes-by\">By<\/span> <a class=\"wc-shortcodes-url\" href=\"http:\/\/www.abbevillelariviere.fr\/?author=2\" title=\"Service Communication\" rel=\"author\">Service Communication<\/a><\/span><span class=\"wc-shortcodes-sep\">|<\/span><span class=\"wc-shortcodes-date\"><a href=\"http:\/\/www.abbevillelariviere.fr\/?p=477\" title=\"Permalink to le CLIC au service de nos ain\u00e9s !\" rel=\"bookmark\"><time class=\"wc-shortcodes-entry-date\" datetime=\"2015-02-11T18:36:11+01:00\">F\u00e9v 11, 2015<\/time><\/a><\/span>\t\t<\/div>\n\t<\/div><!-- .wc-shortcodes-footer-entry-meta -->\n\n\t\t<\/div><!-- .wc-shortcodes-post-content -->\n\t<\/div><!-- .wc-shortcodes-post-border -->\n<\/div><!-- #post -->\n<div id=\"post-555\" class=\"wc-shortcodes-filter-les-prospectus wc-shortcodes-post-box post-555 post type-post status-publish format-standard has-post-thumbnail hentry category-les-prospectus\">\n\t<div class=\"wc-shortcodes-post-border\">\n\t\t\t\t\t<div class=\"wc-shortcodes-entry-thumbnail\">\n\t\t\t\t<a href=\"http:\/\/www.abbevillelariviere.fr\/?p=555\"><img loading=\"lazy\" decoding=\"async\" width=\"473\" height=\"280\" src=\"http:\/\/www.abbevillelariviere.fr\/wp-content\/uploads\/2015\/02\/covoiturage_miniature.gif\" class=\"attachment-large size-large wp-post-image\" alt=\"\" \/><\/a>\n\t\t\t<\/div>\n\t\t\n\t\t<div class=\"wc-shortcodes-post-content\">\n\t\t\t\t\t\t<div class=\"wc-shortcodes-entry-header\">\n\t\t\t\t<h2 class=\"wc-shortcodes-entry-title\">\n\t\t\t\t\t<a href=\"http:\/\/www.abbevillelariviere.fr\/?p=555\" rel=\"bookmark\">Covoiturage Essonne<\/a>\n\t\t\t\t<\/h2>\n\t\t\t<\/div><!-- .entry-header -->\n\t\t\t\n\t\t\t\t\t\t<div class=\"wc-shortcodes-entry-summary\">\n\t\t\t\t<p>T\u00e9l\u00e9chargez la plaquette Le covoiturage : pourquoi pas ? Ce service mis en place par le Conseil G\u00e9n\u00e9ral de l&#8217;Essonne, gratuit, permet de trouver des partenaires et de se r\u00e9unir&hellip;<\/p>\n\t\t\t<\/div><!-- .entry-summary -->\n\t\t\t\n\t\t\t\n\t\t\t\t<div class=\"wc-shortcodes-footer-entry-meta wc-shortcodes-clearfix\">\n\t\t<div class=\"wc-shortcodes-entry-meta-inner wc-shortcodes-clearfix\">\n\t\t\t\t\t\t\t\t\t\t\n\t\t\t\n\t\t\t\t\t\t<span class=\"wc-shortcodes-author\"><span class=\"wc-shortcodes-by\">By<\/span> <a class=\"wc-shortcodes-url\" href=\"http:\/\/www.abbevillelariviere.fr\/?author=2\" title=\"Service Communication\" rel=\"author\">Service Communication<\/a><\/span><span class=\"wc-shortcodes-sep\">|<\/span><span class=\"wc-shortcodes-date\"><a href=\"http:\/\/www.abbevillelariviere.fr\/?p=555\" title=\"Permalink to Covoiturage Essonne\" rel=\"bookmark\"><time class=\"wc-shortcodes-entry-date\" datetime=\"2015-02-05T09:09:57+01:00\">F\u00e9v 5, 2015<\/time><\/a><\/span>\t\t<\/div>\n\t<\/div><!-- .wc-shortcodes-footer-entry-meta -->\n\n\t\t<\/div><!-- .wc-shortcodes-post-content -->\n\t<\/div><!-- .wc-shortcodes-post-border -->\n<\/div><!-- #post -->\n<div id=\"post-426\" class=\"wc-shortcodes-filter-habitat wc-shortcodes-filter-les-prospectus wc-shortcodes-post-box post-426 post type-post status-publish format-standard has-post-thumbnail hentry category-habitat category-les-prospectus\">\n\t<div class=\"wc-shortcodes-post-border\">\n\t\t\t\t\t<div class=\"wc-shortcodes-entry-thumbnail\">\n\t\t\t\t<a href=\"http:\/\/www.abbevillelariviere.fr\/?p=426\"><img loading=\"lazy\" decoding=\"async\" width=\"726\" height=\"335\" src=\"http:\/\/www.abbevillelariviere.fr\/wp-content\/uploads\/2015\/02\/etiquette-dpe-a-economies.jpg\" class=\"attachment-large size-large wp-post-image\" alt=\"\" srcset=\"http:\/\/www.abbevillelariviere.fr\/wp-content\/uploads\/2015\/02\/etiquette-dpe-a-economies.jpg 726w, http:\/\/www.abbevillelariviere.fr\/wp-content\/uploads\/2015\/02\/etiquette-dpe-a-economies-300x138.jpg 300w, http:\/\/www.abbevillelariviere.fr\/wp-content\/uploads\/2015\/02\/etiquette-dpe-a-economies-600x277.jpg 600w\" sizes=\"(max-width: 726px) 100vw, 726px\" \/><\/a>\n\t\t\t<\/div>\n\t\t\n\t\t<div class=\"wc-shortcodes-post-content\">\n\t\t\t\t\t\t<div class=\"wc-shortcodes-entry-header\">\n\t\t\t\t<h2 class=\"wc-shortcodes-entry-title\">\n\t\t\t\t\t<a href=\"http:\/\/www.abbevillelariviere.fr\/?p=426\" rel=\"bookmark\">Subvention Eco-r\u00e9novation<\/a>\n\t\t\t\t<\/h2>\n\t\t\t<\/div><!-- .entry-header -->\n\t\t\t\n\t\t\t\t\t\t<div class=\"wc-shortcodes-entry-summary\">\n\t\t\t\t<p>A chaque situation sa solution L\u2019objectif du Gouvernement est de soutenir les propri\u00e9taires dans leur d\u00e9marche et de faciliter leur prise de d\u00e9cision, quelle que soit leur situation. Disponibles jusqu\u2019\u00e0&hellip;<\/p>\n\t\t\t<\/div><!-- .entry-summary -->\n\t\t\t\n\t\t\t\n\t\t\t\t<div class=\"wc-shortcodes-footer-entry-meta wc-shortcodes-clearfix\">\n\t\t<div class=\"wc-shortcodes-entry-meta-inner wc-shortcodes-clearfix\">\n\t\t\t\t\t\t\t\t\t\t\n\t\t\t\n\t\t\t\t\t\t<span class=\"wc-shortcodes-author\"><span class=\"wc-shortcodes-by\">By<\/span> <a class=\"wc-shortcodes-url\" href=\"http:\/\/www.abbevillelariviere.fr\/?author=2\" title=\"Service Communication\" rel=\"author\">Service Communication<\/a><\/span><span class=\"wc-shortcodes-sep\">|<\/span><span class=\"wc-shortcodes-date\"><a href=\"http:\/\/www.abbevillelariviere.fr\/?p=426\" title=\"Permalink to Subvention Eco-r\u00e9novation\" rel=\"bookmark\"><time class=\"wc-shortcodes-entry-date\" datetime=\"2015-02-02T16:47:03+01:00\">F\u00e9v 2, 2015<\/time><\/a><\/span>\t\t<\/div>\n\t<\/div><!-- .wc-shortcodes-footer-entry-meta -->\n\n\t\t<\/div><!-- .wc-shortcodes-post-content -->\n\t<\/div><!-- .wc-shortcodes-post-border -->\n<\/div><!-- #post -->\n<div id=\"post-423\" class=\"wc-shortcodes-filter-jeunesse wc-shortcodes-filter-les-prospectus wc-shortcodes-post-box post-423 post type-post status-publish format-standard has-post-thumbnail hentry category-jeunesse category-les-prospectus\">\n\t<div class=\"wc-shortcodes-post-border\">\n\t\t\t\t\t<div class=\"wc-shortcodes-entry-thumbnail\">\n\t\t\t\t<a href=\"http:\/\/www.abbevillelariviere.fr\/?p=423\"><img loading=\"lazy\" decoding=\"async\" width=\"219\" height=\"160\" src=\"http:\/\/www.abbevillelariviere.fr\/wp-content\/uploads\/2015\/02\/carte_jeune.png\" class=\"attachment-large size-large wp-post-image\" alt=\"\" \/><\/a>\n\t\t\t<\/div>\n\t\t\n\t\t<div class=\"wc-shortcodes-post-content\">\n\t\t\t\t\t\t<div class=\"wc-shortcodes-entry-header\">\n\t\t\t\t<h2 class=\"wc-shortcodes-entry-title\">\n\t\t\t\t\t<a href=\"http:\/\/www.abbevillelariviere.fr\/?p=423\" rel=\"bookmark\">N&#8217;oubliez pas la CARTE JEUNE<\/a>\n\t\t\t\t<\/h2>\n\t\t\t<\/div><!-- .entry-header -->\n\t\t\t\n\t\t\t\t\t\t<div class=\"wc-shortcodes-entry-summary\">\n\t\t\t\t<p>Vous avez 16,17,18 ans , cette carte est pour vous Carte jeune : rendez-vous le 20 mars 2015 ! Il n&#8217;est d\u00e9sormais plus possible de commander la Carte jeune 2014.&hellip;<\/p>\n\t\t\t<\/div><!-- .entry-summary -->\n\t\t\t\n\t\t\t\n\t\t\t\t<div class=\"wc-shortcodes-footer-entry-meta wc-shortcodes-clearfix\">\n\t\t<div class=\"wc-shortcodes-entry-meta-inner wc-shortcodes-clearfix\">\n\t\t\t\t\t\t\t\t\t\t\n\t\t\t\n\t\t\t\t\t\t<span class=\"wc-shortcodes-author\"><span class=\"wc-shortcodes-by\">By<\/span> <a class=\"wc-shortcodes-url\" href=\"http:\/\/www.abbevillelariviere.fr\/?author=2\" title=\"Service Communication\" rel=\"author\">Service Communication<\/a><\/span><span class=\"wc-shortcodes-sep\">|<\/span><span class=\"wc-shortcodes-date\"><a href=\"http:\/\/www.abbevillelariviere.fr\/?p=423\" title=\"Permalink to N&#8217;oubliez pas la CARTE JEUNE\" rel=\"bookmark\"><time class=\"wc-shortcodes-entry-date\" datetime=\"2015-02-02T16:35:13+01:00\">F\u00e9v 2, 2015<\/time><\/a><\/span>\t\t<\/div>\n\t<\/div><!-- .wc-shortcodes-footer-entry-meta -->\n\n\t\t<\/div><!-- .wc-shortcodes-post-content -->\n\t<\/div><!-- .wc-shortcodes-post-border -->\n<\/div><!-- #post -->\n<div id=\"post-452\" class=\"wc-shortcodes-filter-habitat wc-shortcodes-filter-les-prospectus wc-shortcodes-post-box post-452 post type-post status-publish format-standard has-post-thumbnail hentry category-habitat category-les-prospectus\">\n\t<div class=\"wc-shortcodes-post-border\">\n\t\t\t\t\t<div class=\"wc-shortcodes-entry-thumbnail\">\n\t\t\t\t<a href=\"http:\/\/www.abbevillelariviere.fr\/?p=452\"><img loading=\"lazy\" decoding=\"async\" width=\"759\" height=\"759\" src=\"http:\/\/www.abbevillelariviere.fr\/wp-content\/uploads\/2015\/02\/Logo-compostage.jpg\" class=\"attachment-large size-large wp-post-image\" alt=\"\" srcset=\"http:\/\/www.abbevillelariviere.fr\/wp-content\/uploads\/2015\/02\/Logo-compostage.jpg 759w, http:\/\/www.abbevillelariviere.fr\/wp-content\/uploads\/2015\/02\/Logo-compostage-150x150.jpg 150w, http:\/\/www.abbevillelariviere.fr\/wp-content\/uploads\/2015\/02\/Logo-compostage-300x300.jpg 300w, http:\/\/www.abbevillelariviere.fr\/wp-content\/uploads\/2015\/02\/Logo-compostage-600x600.jpg 600w, http:\/\/www.abbevillelariviere.fr\/wp-content\/uploads\/2015\/02\/Logo-compostage-50x50.jpg 50w\" sizes=\"(max-width: 759px) 100vw, 759px\" \/><\/a>\n\t\t\t<\/div>\n\t\t\n\t\t<div class=\"wc-shortcodes-post-content\">\n\t\t\t\t\t\t<div class=\"wc-shortcodes-entry-header\">\n\t\t\t\t<h2 class=\"wc-shortcodes-entry-title\">\n\t\t\t\t\t<a href=\"http:\/\/www.abbevillelariviere.fr\/?p=452\" rel=\"bookmark\">Le Compostage<\/a>\n\t\t\t\t<\/h2>\n\t\t\t<\/div><!-- .entry-header -->\n\t\t\t\n\t\t\t\t\t\t<div class=\"wc-shortcodes-entry-summary\">\n\t\t\t\t<p>T\u00e9l\u00e9chargez le guide Le Compostage sur le site du siredom Un processus simple et naturel Utilis\u00e9e depuis la nuit des temps, la pratique du compostage est un geste simple. C\u2019est&hellip;<\/p>\n\t\t\t<\/div><!-- .entry-summary -->\n\t\t\t\n\t\t\t\n\t\t\t\t<div class=\"wc-shortcodes-footer-entry-meta wc-shortcodes-clearfix\">\n\t\t<div class=\"wc-shortcodes-entry-meta-inner wc-shortcodes-clearfix\">\n\t\t\t\t\t\t\t\t\t\t\n\t\t\t\n\t\t\t\t\t\t<span class=\"wc-shortcodes-author\"><span class=\"wc-shortcodes-by\">By<\/span> <a class=\"wc-shortcodes-url\" href=\"http:\/\/www.abbevillelariviere.fr\/?author=2\" title=\"Service Communication\" rel=\"author\">Service Communication<\/a><\/span><span class=\"wc-shortcodes-sep\">|<\/span><span class=\"wc-shortcodes-date\"><a href=\"http:\/\/www.abbevillelariviere.fr\/?p=452\" title=\"Permalink to Le Compostage\" rel=\"bookmark\"><time class=\"wc-shortcodes-entry-date\" datetime=\"2015-02-02T09:03:28+01:00\">F\u00e9v 2, 2015<\/time><\/a><\/span>\t\t<\/div>\n\t<\/div><!-- .wc-shortcodes-footer-entry-meta -->\n\n\t\t<\/div><!-- .wc-shortcodes-post-content -->\n\t<\/div><!-- .wc-shortcodes-post-border -->\n<\/div><!-- #post -->\n<div id=\"post-431\" class=\"wc-shortcodes-filter-habitat wc-shortcodes-filter-les-prospectus wc-shortcodes-post-box post-431 post type-post status-publish format-standard has-post-thumbnail hentry category-habitat category-les-prospectus\">\n\t<div class=\"wc-shortcodes-post-border\">\n\t\t\t\t\t<div class=\"wc-shortcodes-entry-thumbnail\">\n\t\t\t\t<a href=\"http:\/\/www.abbevillelariviere.fr\/?p=431\"><img loading=\"lazy\" decoding=\"async\" width=\"296\" height=\"301\" src=\"http:\/\/www.abbevillelariviere.fr\/wp-content\/uploads\/2015\/02\/crbst_LOGO_EIE_IDF_20501.jpg\" class=\"attachment-large size-large wp-post-image\" alt=\"\" srcset=\"http:\/\/www.abbevillelariviere.fr\/wp-content\/uploads\/2015\/02\/crbst_LOGO_EIE_IDF_20501.jpg 296w, http:\/\/www.abbevillelariviere.fr\/wp-content\/uploads\/2015\/02\/crbst_LOGO_EIE_IDF_20501-295x300.jpg 295w, http:\/\/www.abbevillelariviere.fr\/wp-content\/uploads\/2015\/02\/crbst_LOGO_EIE_IDF_20501-50x50.jpg 50w\" sizes=\"(max-width: 296px) 100vw, 296px\" \/><\/a>\n\t\t\t<\/div>\n\t\t\n\t\t<div class=\"wc-shortcodes-post-content\">\n\t\t\t\t\t\t<div class=\"wc-shortcodes-entry-header\">\n\t\t\t\t<h2 class=\"wc-shortcodes-entry-title\">\n\t\t\t\t\t<a href=\"http:\/\/www.abbevillelariviere.fr\/?p=431\" rel=\"bookmark\">Espace Info-Energie Essonne<\/a>\n\t\t\t\t<\/h2>\n\t\t\t<\/div><!-- .entry-header -->\n\t\t\t\n\t\t\t\t\t\t<div class=\"wc-shortcodes-entry-summary\">\n\t\t\t\t<p>Mis en place en 2001 par l&#8217;Agence De l&#8217;Environnement et de la Ma\u00eetrise de l&#8217;Energie (ADEME), le r\u00e9seau national des Espaces Info Energie, sp\u00e9cialis\u00e9 dans le conseil de proximit\u00e9 aupr\u00e8s&hellip;<\/p>\n\t\t\t<\/div><!-- .entry-summary -->\n\t\t\t\n\t\t\t\n\t\t\t\t<div class=\"wc-shortcodes-footer-entry-meta wc-shortcodes-clearfix\">\n\t\t<div class=\"wc-shortcodes-entry-meta-inner wc-shortcodes-clearfix\">\n\t\t\t\t\t\t\t\t\t\t\n\t\t\t\n\t\t\t\t\t\t<span class=\"wc-shortcodes-author\"><span class=\"wc-shortcodes-by\">By<\/span> <a class=\"wc-shortcodes-url\" href=\"http:\/\/www.abbevillelariviere.fr\/?author=2\" title=\"Service Communication\" rel=\"author\">Service Communication<\/a><\/span><span class=\"wc-shortcodes-sep\">|<\/span><span class=\"wc-shortcodes-date\"><a href=\"http:\/\/www.abbevillelariviere.fr\/?p=431\" title=\"Permalink to Espace Info-Energie Essonne\" rel=\"bookmark\"><time class=\"wc-shortcodes-entry-date\" datetime=\"2015-02-01T23:41:03+01:00\">F\u00e9v 1, 2015<\/time><\/a><\/span>\t\t<\/div>\n\t<\/div><!-- .wc-shortcodes-footer-entry-meta -->\n\n\t\t<\/div><!-- .wc-shortcodes-post-content -->\n\t<\/div><!-- .wc-shortcodes-post-border -->\n<\/div><!-- #post -->\n<div id=\"post-461\" class=\"wc-shortcodes-filter-jeunesse wc-shortcodes-filter-les-prospectus wc-shortcodes-post-box post-461 post type-post status-publish format-standard has-post-thumbnail hentry category-jeunesse category-les-prospectus\">\n\t<div class=\"wc-shortcodes-post-border\">\n\t\t\t\t\t<div class=\"wc-shortcodes-entry-thumbnail\">\n\t\t\t\t<a href=\"http:\/\/www.abbevillelariviere.fr\/?p=461\"><img loading=\"lazy\" decoding=\"async\" width=\"300\" height=\"250\" src=\"http:\/\/www.abbevillelariviere.fr\/wp-content\/uploads\/2015\/02\/bafa-bafd.png\" class=\"attachment-large size-large wp-post-image\" alt=\"\" \/><\/a>\n\t\t\t<\/div>\n\t\t\n\t\t<div class=\"wc-shortcodes-post-content\">\n\t\t\t\t\t\t<div class=\"wc-shortcodes-entry-header\">\n\t\t\t\t<h2 class=\"wc-shortcodes-entry-title\">\n\t\t\t\t\t<a href=\"http:\/\/www.abbevillelariviere.fr\/?p=461\" rel=\"bookmark\">Le BAFA \/ BAFD<\/a>\n\t\t\t\t<\/h2>\n\t\t\t<\/div><!-- .entry-header -->\n\t\t\t\n\t\t\t\t\t\t<div class=\"wc-shortcodes-entry-summary\">\n\t\t\t\t<p>T\u00e9l\u00e9chargez la plaquette Qu&#8217;est ce que c&#8217;est ? Le Brevet d\u2019Aptitude aux Fonctions d\u2019Animateur (BAFA) est un brevet qui permet d\u2019encadrer \u00e0 titre non professionnel et de fa\u00e7on occasionnelle des&hellip;<\/p>\n\t\t\t<\/div><!-- .entry-summary -->\n\t\t\t\n\t\t\t\n\t\t\t\t<div class=\"wc-shortcodes-footer-entry-meta wc-shortcodes-clearfix\">\n\t\t<div class=\"wc-shortcodes-entry-meta-inner wc-shortcodes-clearfix\">\n\t\t\t\t\t\t\t\t\t\t\n\t\t\t\n\t\t\t\t\t\t<span class=\"wc-shortcodes-author\"><span class=\"wc-shortcodes-by\">By<\/span> <a class=\"wc-shortcodes-url\" href=\"http:\/\/www.abbevillelariviere.fr\/?author=2\" title=\"Service Communication\" rel=\"author\">Service Communication<\/a><\/span><span class=\"wc-shortcodes-sep\">|<\/span><span class=\"wc-shortcodes-date\"><a href=\"http:\/\/www.abbevillelariviere.fr\/?p=461\" title=\"Permalink to Le BAFA \/ BAFD\" rel=\"bookmark\"><time class=\"wc-shortcodes-entry-date\" datetime=\"2015-02-01T12:37:24+01:00\">F\u00e9v 1, 2015<\/time><\/a><\/span>\t\t<\/div>\n\t<\/div><!-- .wc-shortcodes-footer-entry-meta -->\n\n\t\t<\/div><!-- .wc-shortcodes-post-content -->\n\t<\/div><!-- .wc-shortcodes-post-border -->\n<\/div><!-- #post -->\n<div id=\"post-439\" class=\"wc-shortcodes-filter-les-prospectus wc-shortcodes-post-box post-439 post type-post status-publish format-standard has-post-thumbnail hentry category-les-prospectus\">\n\t<div class=\"wc-shortcodes-post-border\">\n\t\t\t\t\t<div class=\"wc-shortcodes-entry-thumbnail\">\n\t\t\t\t<a href=\"http:\/\/www.abbevillelariviere.fr\/?p=439\"><img loading=\"lazy\" decoding=\"async\" width=\"450\" height=\"200\" src=\"http:\/\/www.abbevillelariviere.fr\/wp-content\/uploads\/2015\/02\/panoramique_pad_1050.jpg\" class=\"attachment-large size-large wp-post-image\" alt=\"\" srcset=\"http:\/\/www.abbevillelariviere.fr\/wp-content\/uploads\/2015\/02\/panoramique_pad_1050.jpg 450w, http:\/\/www.abbevillelariviere.fr\/wp-content\/uploads\/2015\/02\/panoramique_pad_1050-300x133.jpg 300w\" sizes=\"(max-width: 450px) 100vw, 450px\" \/><\/a>\n\t\t\t<\/div>\n\t\t\n\t\t<div class=\"wc-shortcodes-post-content\">\n\t\t\t\t\t\t<div class=\"wc-shortcodes-entry-header\">\n\t\t\t\t<h2 class=\"wc-shortcodes-entry-title\">\n\t\t\t\t\t<a href=\"http:\/\/www.abbevillelariviere.fr\/?p=439\" rel=\"bookmark\">Le Point d\u2019Acc\u00e8s au Droit (PAD)<\/a>\n\t\t\t\t<\/h2>\n\t\t\t<\/div><!-- .entry-header -->\n\t\t\t\n\t\t\t\t\t\t<div class=\"wc-shortcodes-entry-summary\">\n\t\t\t\t<p>T\u00e9l\u00e9chargez la plaquette (cliquez sur la vignette) &nbsp; Lieu d\u2019accueil gratuit et permanent permettant d\u2019apporter une information de proximit\u00e9 sur leurs droits et devoirs aux personnes ayant \u00e0 faire face&hellip;<\/p>\n\t\t\t<\/div><!-- .entry-summary -->\n\t\t\t\n\t\t\t\n\t\t\t\t<div class=\"wc-shortcodes-footer-entry-meta wc-shortcodes-clearfix\">\n\t\t<div class=\"wc-shortcodes-entry-meta-inner wc-shortcodes-clearfix\">\n\t\t\t\t\t\t\t\t\t\t\n\t\t\t\n\t\t\t\t\t\t<span class=\"wc-shortcodes-author\"><span class=\"wc-shortcodes-by\">By<\/span> <a class=\"wc-shortcodes-url\" href=\"http:\/\/www.abbevillelariviere.fr\/?author=2\" title=\"Service Communication\" rel=\"author\">Service Communication<\/a><\/span><span class=\"wc-shortcodes-sep\">|<\/span><span class=\"wc-shortcodes-date\"><a href=\"http:\/\/www.abbevillelariviere.fr\/?p=439\" title=\"Permalink to Le Point d\u2019Acc\u00e8s au Droit (PAD)\" rel=\"bookmark\"><time class=\"wc-shortcodes-entry-date\" datetime=\"2015-02-01T00:10:35+01:00\">F\u00e9v 1, 2015<\/time><\/a><\/span>\t\t<\/div>\n\t<\/div><!-- .wc-shortcodes-footer-entry-meta -->\n\n\t\t<\/div><!-- .wc-shortcodes-post-content -->\n\t<\/div><!-- .wc-shortcodes-post-border -->\n<\/div><!-- #post -->\n<\/div><\/div>\n","protected":false},"excerpt":{"rendered":"","protected":false},"author":1,"featured_media":0,"parent":14,"menu_order":0,"comment_status":"closed","ping_status":"closed","template":"","meta":{"site-sidebar-layout":"default","site-content-layout":"","ast-site-content-layout":"","site-content-style":"default","site-sidebar-style":"default","ast-global-header-display":"","ast-banner-title-visibility":"","ast-main-header-display":"","ast-hfb-above-header-display":"","ast-hfb-below-header-display":"","ast-hfb-mobile-header-display":"","site-post-title":"","ast-breadcrumbs-content":"","ast-featured-img":"","footer-sml-layout":"","theme-transparent-header-meta":"","adv-header-id-meta":"","stick-header-meta":"","header-above-stick-meta":"","header-main-stick-meta":"","header-below-stick-meta":"","astra-migrate-meta-layouts":"default","ast-page-background-enabled":"default","ast-page-background-meta":{"desktop":{"background-color":"var(--ast-global-color-4)","background-image":"","background-repeat":"repeat","background-position":"center center","background-size":"auto","background-attachment":"scroll","background-type":"","background-media":"","overlay-type":"","overlay-color":"","overlay-opacity":"","overlay-gradient":""},"tablet":{"background-color":"","background-image":"","background-repeat":"repeat","background-position":"center center","background-size":"auto","background-attachment":"scroll","background-type":"","background-media":"","overlay-type":"","overlay-color":"","overlay-opacity":"","overlay-gradient":""},"mobile":{"background-color":"","background-image":"","background-repeat":"repeat","background-position":"center center","background-size":"auto","background-attachment":"scroll","background-type":"","background-media":"","overlay-type":"","overlay-color":"","overlay-opacity":"","overlay-gradient":""}},"ast-content-background-meta":{"desktop":{"background-color":"var(--ast-global-color-5)","background-image":"","background-repeat":"repeat","background-position":"center center","background-size":"auto","background-attachment":"scroll","background-type":"","background-media":"","overlay-type":"","overlay-color":"","overlay-opacity":"","overlay-gradient":""},"tablet":{"background-color":"var(--ast-global-color-5)","background-image":"","background-repeat":"repeat","background-position":"center center","background-size":"auto","background-attachment":"scroll","background-type":"","background-media":"","overlay-type":"","overlay-color":"","overlay-opacity":"","overlay-gradient":""},"mobile":{"background-color":"var(--ast-global-color-5)","background-image":"","background-repeat":"repeat","background-position":"center center","background-size":"auto","background-attachment":"scroll","background-type":"","background-media":"","overlay-type":"","overlay-color":"","overlay-opacity":"","overlay-gradient":""}},"_EventAllDay":false,"_EventTimezone":"","_EventStartDate":"","_EventEndDate":"","_EventStartDateUTC":"","_EventEndDateUTC":"","_EventShowMap":false,"_EventShowMapLink":false,"_EventURL":"","_EventCost":"","_EventCostDescription":"","_EventCurrencySymbol":"","_EventCurrencyCode":"","_EventCurrencyPosition":"","_EventDateTimeSeparator":"","_EventTimeRangeSeparator":"","_EventOrganizerID":[],"_EventVenueID":[],"_OrganizerEmail":"","_OrganizerPhone":"","_OrganizerWebsite":"","_VenueAddress":"","_VenueCity":"","_VenueCountry":"","_VenueProvince":"","_VenueState":"","_VenueZip":"","_VenuePhone":"","_VenueURL":"","_VenueStateProvince":"","_VenueLat":"","_VenueLng":"","_VenueShowMap":false,"_VenueShowMapLink":false,"footnotes":""},"class_list":["post-444","page","type-page","status-publish","hentry"],"_links":{"self":[{"href":"http:\/\/www.abbevillelariviere.fr\/index.php?rest_route=\/wp\/v2\/pages\/444"}],"collection":[{"href":"http:\/\/www.abbevillelariviere.fr\/index.php?rest_route=\/wp\/v2\/pages"}],"about":[{"href":"http:\/\/www.abbevillelariviere.fr\/index.php?rest_route=\/wp\/v2\/types\/page"}],"author":[{"embeddable":true,"href":"http:\/\/www.abbevillelariviere.fr\/index.php?rest_route=\/wp\/v2\/users\/1"}],"replies":[{"embeddable":true,"href":"http:\/\/www.abbevillelariviere.fr\/index.php?rest_route=%2Fwp%2Fv2%2Fcomments&post=444"}],"version-history":[{"count":9,"href":"http:\/\/www.abbevillelariviere.fr\/index.php?rest_route=\/wp\/v2\/pages\/444\/revisions"}],"predecessor-version":[{"id":531,"href":"http:\/\/www.abbevillelariviere.fr\/index.php?rest_route=\/wp\/v2\/pages\/444\/revisions\/531"}],"up":[{"embeddable":true,"href":"http:\/\/www.abbevillelariviere.fr\/index.php?rest_route=\/wp\/v2\/pages\/14"}],"wp:attachment":[{"href":"http:\/\/www.abbevillelariviere.fr\/index.php?rest_route=%2Fwp%2Fv2%2Fmedia&parent=444"}],"curies":[{"name":"wp","href":"https:\/\/api.w.org\/{rel}","templated":true}]}}