{"id":66,"date":"2015-02-01T19:00:20","date_gmt":"2015-02-01T19:00:20","guid":{"rendered":"http:\/\/www.abbevillelariviere.fr\/?page_id=66"},"modified":"2015-03-04T09:05:22","modified_gmt":"2015-03-04T09:05:22","slug":"cadre-de-vie","status":"publish","type":"page","link":"http:\/\/www.abbevillelariviere.fr\/?page_id=66","title":{"rendered":"Cadre de vie"},"content":{"rendered":"<p>&nbsp;<\/p>\n<div class=\"wc-shortcodes-row wc-shortcodes-item wc-shortcodes-clearfix\">\n<div class=\"wc-shortcodes-column wc-shortcodes-content wc-shortcodes-three-fourth wc-shortcodes-column-first \">\n<div id=\"wc-shortcodes-tab-1\" class=\"wc-shortcodes-tabs wc-shortcodes-item wc-shortcodes-tabs-layout-box\">\n<ul class=\"wcs-tabs-nav wc-shortcodes-clearfix\">\n<li><a href=\"#\" data-index=\"0\" data-id=\"#wc-shortcodes-tab-zones-natura-2000\">Zones Natura 2000<\/a><\/li>\n<li><a href=\"#\" data-index=\"1\" data-id=\"#wc-shortcodes-tab-zone-znieff\">Zone ZNIEFF <\/a><\/li>\n<li><a href=\"#\" data-index=\"2\" data-id=\"#wc-shortcodes-tab-sans-pesticides\">Sans pesticides<\/a><\/li>\n<li><a href=\"#\" data-index=\"3\" data-id=\"#wc-shortcodes-tab-zone-humide\">Zone Humide<\/a><\/li>\n<\/ul>\n<div class=\"tab-content-wrapper tab-content-hide\">\n<div id=\"wc-shortcodes-tab-zones-natura-2000\" class=\"tab-content wc-shortcodes-content\">\n<h2>NATURA 2000 ?<\/h2>\n<p>Le r\u00e9seau Natura 2000 rassemble des sites naturels ou semi-naturels de l&#8217;Union europ\u00e9enne ayant une grande valeur patrimoniale, par la faune et la flore exceptionnelles qu&#8217;ils contiennent.<\/p>\n<p><a href=\"http:\/\/www.abbevillelariviere.fr\/wp-content\/uploads\/2015\/02\/logo_natura2000.jpg\"><img loading=\"lazy\" decoding=\"async\" class=\"alignnone size-medium wp-image-237\" src=\"http:\/\/www.abbevillelariviere.fr\/wp-content\/uploads\/2015\/02\/logo_natura2000-300x259.jpg\" alt=\"logo_natura2000\" width=\"300\" height=\"259\" srcset=\"http:\/\/www.abbevillelariviere.fr\/wp-content\/uploads\/2015\/02\/logo_natura2000-300x259.jpg 300w, http:\/\/www.abbevillelariviere.fr\/wp-content\/uploads\/2015\/02\/logo_natura2000.jpg 433w\" sizes=\"(max-width: 300px) 100vw, 300px\" \/><\/a><\/p>\n<p>La constitution du r\u00e9seau Natura 2000 a pour objectif de maintenir la diversit\u00e9 biologique des milieux, tout en tenant compte des exigences \u00e9conomiques, sociales, culturelles et r\u00e9gionales dans une logique de d\u00e9veloppement durable, et sachant que la conservation d&#8217;aires prot\u00e9g\u00e9es et de la biodiversit\u00e9 pr\u00e9sente \u00e9galement un int\u00e9r\u00eat \u00e9conomique \u00e0 long terme.<\/p>\n<p>La commune d&#8217;Abb\u00e9ville la rivi\u00e8re est r\u00e9f\u00e9renc\u00e9e pour Pelouses calcaires de la haute vall\u00e9e de la Juine. Elle est compos\u00e9e par :<\/p>\n<ul>\n<li>Pelouses s\u00e8ches, Steppes 70%<\/li>\n<li>Landes, Broussailles, Recrus, Maquis et Garrigues, Phrygana 30%<\/li>\n<\/ul>\n<p>Le site des pelouses calcaires de la haute vall\u00e9e de la Juine est localis\u00e9 sur un plateau majoritairement calcaire, comprenant aussi des sables et gr\u00e8s de Fontainebleau. Ces substrats particuli\u00e8rement filtrants, associ\u00e9s \u00e0 un climat atlantique alt\u00e9r\u00e9 \u00e0 pr\u00e9cipitation assez faibles, se sont av\u00e9r\u00e9s favorables au d\u00e9veloppement d&#8217;une v\u00e9g\u00e9tation \u00e0 influence m\u00e9ridionale marqu\u00e9e, localis\u00e9e sur les coteaux \u00e0 exposition sud.<\/p>\n<h3>Qualit\u00e9 et importance<\/h3>\n<p>Pr\u00e9sence d&#8217;esp\u00e8ces v\u00e9g\u00e9tales en limite d&#8217;aire de r\u00e9partition septentrionale, prot\u00e9g\u00e9es au niveau r\u00e9gional mais n&#8217;appartenant pas \u00e0 l&#8217;annexe II de la directive Habitats. Les pelouses ont tendances \u00e0 s&#8217;appauvrir cons\u00e9cutivement \u00e0 la fermeture des milieux.<\/p>\n<h3>Vuln\u00e9rabilit\u00e9<\/h3>\n<div class=\"wc-shortcodes-box wc-shortcodes-item wc-shortcodes-content wc-shortcodes-clearfix wc-shortcodes-box-danger \" style=\"text-align:left;\">\n<p>L&#8217;absence de gestion est la principale menace pr\u00e9sente sur les \u00e9cosyst\u00e8mes pelousaires.<br \/>\n<strong>La fr\u00e9quentation de certains secteurs par des v\u00e9hicules \u00e0 moteur<\/strong>, \u00e0 des fins de loisirs peuvent avoir des cons\u00e9quences sur la conservation des habitats.<\/p>\n<\/div>\n<p>&nbsp;<\/p>\n<\/div>\n<\/div>\n<div class=\"tab-content-wrapper tab-content-hide\">\n<div id=\"wc-shortcodes-tab-zone-znieff\" class=\"tab-content wc-shortcodes-content\">\n<h3>Zone Naturelle d\u2019Int\u00e9r\u00eat \u00c9cologique<\/h3>\n<p>Les znieff sont cr\u00e9\u00e9es lors de la r\u00e9alisation d\u2019inventaires naturalistes dans le cadre de l\u2019Inventaire national du patrimoine naturel. Une fois leur int\u00e9r\u00eat reconnu et leur validation par un comit\u00e9 d\u2019experts scientifiques, ces zones deviennent des instruments de connaissance mais aussi d\u2019am\u00e9nagement du territoire.<\/p>\n<p>les zones suivantes de la commune sont r\u00e9f\u00e9renc\u00e9es :<\/p>\n<ul>\n<li>COTEAU SOUS TOURNEVILLE (110001580)<\/li>\n<li>PELOUSES DE L&#8217;EGLISE A BEAUREGARD (110001578)<\/li>\n<li>PELOUSES DE LA FERME DE L&#8217;HOPITAL AUX PERONNETTES (110320008)<\/li>\n<li>ZONE HUMIDE DE LA CAVE (110001581)<\/li>\n<\/ul>\n<p>&nbsp;<\/p>\n<\/div>\n<\/div>\n<div class=\"tab-content-wrapper tab-content-hide\">\n<div id=\"wc-shortcodes-tab-sans-pesticides\" class=\"tab-content wc-shortcodes-content\">\n<h3>Communes sans pesticides<\/h3>\n<p>La campagne \u00ab z\u00e9ro phyto\u00bb a d\u00e9j\u00e0 recens\u00e9 900 communes. Cette initiative n\u2019est pas la premi\u00e8re du genre, de nombreuses collectivit\u00e9s s\u2019\u00e9tant d\u00e9j\u00e0 engag\u00e9es dans ce sens, souvent avec le soutien des Agences de l\u2019Eau<\/p>\n<h3>Qu\u2019est ce qu\u2019un produit phytosanitaire ?<\/h3>\n<p>C\u2019est un produit dont les propri\u00e9t\u00e9s toxiques permettent la destruction de v\u00e9g\u00e9taux ou d\u2019animaux ind\u00e9sirables pour les plantes d\u2019ornement, les arbres ou les cultures.<\/p>\n<p><strong>On distingue :<\/strong><\/p>\n<ul>\n<li>les herbicides (visant la v\u00e9g\u00e9tation spontan\u00e9e)<\/li>\n<li>les insecticides (visant les insectes ravageurs)<\/li>\n<li>les fongicides (visant les champignons vecteurs d\u2019affections parasitaires).<\/li>\n<\/ul>\n<p>Des \u00e9tudes montrent qu\u2019ils ont des effets n\u00e9fastes sur l\u2019environnement (faune et flore) et la ressource en eau (mena\u00e7ant l\u2019acc\u00e8s \u00e0 l\u2019eau potable), mais aussi sur la sant\u00e9, par un risque de cancer accru.<\/p>\n<h3>ABBEVILLE LA RIVI\u00c8RE &amp; LE SIARJA<\/h3>\n<p>Dans le cadre de l&#8217;action du SIARJA (Syndicat mixte pour l\u2019am\u00e9nagement et l&#8217;entretien de la rivi\u00e8re la Juine et de ses affluents) nous nous engageons dans une d\u00e9marche <strong>Z\u00c9RO PHYTOSANITAIRE<\/strong>.<\/p>\n<p>L\u2019action Phyt\u2019eaux Juine accompagne les collectivit\u00e9s dans une d\u00e9marche visant l\u2019atteinte du \u00ab z\u00e9ro phytosanitaire \u00bb. Elle se d\u00e9roulera sur le bassin de la Juine de 2013 jusqu\u2019en 2017.<\/p>\n<p>Cette action s\u2019inscrit dans l\u2019esprit des objectifs nationaux de r\u00e9duction des produits<br \/>\nphytosanitaires et dans les politiques territoriales des trois partenaires.<\/p>\n<p>Le contrat Juine, auquel adh\u00e8re ABBEVILLE LA RIVIERE\u00a0 fixe comme objectif la r\u00e9alisation des diagnostics initiaux des usages en phytosanitaires pour 100% des\u00a0 collectivit\u00e9s du contrat et la mise en oeuvre pour au minimum 60% des communes de la formation des agents et des plans de gestion visant l\u2019arr\u00eat des usages des phytosanitaires sur les espaces communaux.<\/p>\n<p>Un bilan annuel d\u2019avancement sera \u00e9tabli et transmis aux acteurs du contrat de bassin.<\/p>\n<p>Pour plus d&#8217;information : <a href=\"http:\/\/siarja.fr\/\" target=\"_blank\">Le site du SIARJA<\/a><\/p>\n<\/div>\n<\/div>\n<div class=\"tab-content-wrapper tab-content-hide\">\n<div id=\"wc-shortcodes-tab-zone-humide\" class=\"tab-content wc-shortcodes-content\">\n<h3>ZONE HUMIDE DES VALLEES DE LA JUINE ET DE L&#8217;ECLIMONT<\/h3>\n<p>Cette zone humide s&#8217;\u00e9tend le long de la Juine dans sa partie nord et ouest, et le long de l&#8217;Eclimont dans sa partie sud-est. Elle est ins\u00e9r\u00e9e entre des coteaux calcicoles et pr\u00e9sente des formations bois\u00e9es mar\u00e9cageuses \u00e0 fort int\u00e9r\u00eat botanique et entomologique.<\/p>\n<p>Les boisements sont domin\u00e9s par l&#8217;Aulne et les Bouleaux qui dominent une strate herbac\u00e9e vari\u00e9e selon l&#8217;humidit\u00e9 pr\u00e9sente.<\/p>\n<p>Les secteurs les plus humides correspondent \u00e0 une cari\u00e7aie \u00e0 La\u00eeche des marais parsem\u00e9e de Foug\u00e8re des marais (Thelypteris palustris), esp\u00e8ce prot\u00e9g\u00e9e au niveau r\u00e9gional, dont plusieurs stations sont pr\u00e9sentes sur la ZNIEFF.<\/p>\n<p>Les secteurs plus clairi\u00e9r\u00e9s permettent la diff\u00e9renciation de roseli\u00e8re \u00e0 Roseau commun (Phragmites communis) abritant dans la partie ouest de la ZNIEFF le Marisque (Cladium mariscus), autre esp\u00e8ce d\u00e9terminante assez rare en Ile-de-France.<\/p>\n<p>Les autres formations v\u00e9g\u00e9tales se forment dans des secteurs moins humides, ce sont principalement des m\u00e9gaphorbiaies riches en foug\u00e8res.<\/p>\n<p>La richesse en entomofaune est li\u00e9e \u00e0 la fois aux formations v\u00e9g\u00e9tales de milieux humides mais \u00e9galement \u00e0 la pr\u00e9sence de coteaux calcicoles. Ceci est bien marqu\u00e9 en ce qui concerne les L\u00e9pidopt\u00e8res et les Orthopt\u00e8res. Citons les esp\u00e8ces particuli\u00e8rement menac\u00e9es comme Archanara sparganii, Arenostola phragmitidis ou la Petite Violette (Clossania dia) pour les L\u00e9pidopt\u00e8res ou le Criquet des Pins (Chorthippus vagans) pour les Orthopt\u00e8res.<\/p>\n<p>7 esp\u00e8ces d\u00e9terminantes de Col\u00e9opt\u00e8res sont \u00e9galement pr\u00e9sentes, dont une prot\u00e9g\u00e9e au niveau r\u00e9gional : Lamia textor.<\/p>\n<p>Le sud-ouest de la ZNIEFF est menac\u00e9 par l&#8217;extension d&#8217;une d\u00e9charge implant\u00e9e le long de la D49, tandis que le secteur situ\u00e9 au sud-est est r\u00e9guli\u00e8rement modifi\u00e9 par l&#8217;implantation de nouvelles habitations. La fermeture des sous-bois mar\u00e9cageux n&#8217;est par cons\u00e9quent pas la menace principale qui p\u00e8se sur cette zone humide.<\/p>\n<\/div>\n<\/div>\n<\/div>\n<\/div>\n<div class=\"wc-shortcodes-column wc-shortcodes-content wc-shortcodes-one-fourth wc-shortcodes-column-last \">\n<div class=\"wc-shortcodes-box wc-shortcodes-item wc-shortcodes-content wc-shortcodes-clearfix wc-shortcodes-box-inverse \" style=\"text-align:left;\">\n<p><strong>Natura 2000<\/strong><\/p>\n<p>Le r\u00e9seau Natura 2000 rassemble des sites naturels ou semi-naturels de l&#8217;Union Europ\u00e9enne ayant une grande valeur patrimoniale, par la faune et la flore exceptionnelles qu&#8217;ils contiennent.<\/p>\n<\/div>\n<div class=\"wc-shortcodes-box wc-shortcodes-item wc-shortcodes-content wc-shortcodes-clearfix wc-shortcodes-box-inverse \" style=\"text-align:left;\">\n<p><strong>Zone Humide<\/strong><\/p>\n<p>Dans les milieux humides, l\u2019eau est le facteur d\u00e9terminant tant pour le fonctionnement de ces zones naturelles que pour la vie animale et v\u00e9g\u00e9tale. La submersion des terres, la salinit\u00e9 de l\u2019eau (douce, saum\u00e2tre ou sal\u00e9e) et la composition en mati\u00e8res nutritives de ces territoires subissent des fluctuations journali\u00e8res, saisonni\u00e8res ou annuelles. Ces variations d\u00e9pendent \u00e0 la fois des conditions climatiques, de la localisation de la zone au sein du bassin hydrographique et du contexte g\u00e9omorphologique (g\u00e9ographie, topographie)<\/p>\n<\/div>\n<div class=\"wc-shortcodes-box wc-shortcodes-item wc-shortcodes-content wc-shortcodes-clearfix wc-shortcodes-box-inverse \" style=\"text-align:left;\">\n<p><strong>Zone Naturel d\u2019int\u00e9r\u00eat \u00c9cologique faunistique et floristique : ZNIEFF<br \/>\n<\/strong><\/p>\n<p>Une ZNIEFF est une zone naturelle d&#8217;int\u00e9r\u00eat \u00e9cologique, faunistique et floristique. Cette zone n\u2019est pas un dispositif de protection r\u00e9glementaire, m\u00eame si elle implique un porter \u00e0 connaissance en cas de projet la concernant.<\/p>\n<\/div>\n<\/div>\n<\/div>\n","protected":false},"excerpt":{"rendered":"<p>&nbsp; Zones Natura 2000 Zone ZNIEFF Sans pesticides Zone Humide NATURA 2000 ? Le r\u00e9seau Natura 2000 rassemble des sites naturels ou semi-naturels de l&#8217;Union europ\u00e9enne ayant une grande valeur [&hellip;]<\/p>\n","protected":false},"author":2,"featured_media":0,"parent":16,"menu_order":0,"comment_status":"closed","ping_status":"closed","template":"","meta":{"site-sidebar-layout":"default","site-content-layout":"","ast-site-content-layout":"","site-content-style":"default","site-sidebar-style":"default","ast-global-header-display":"","ast-banner-title-visibility":"","ast-main-header-display":"","ast-hfb-above-header-display":"","ast-hfb-below-header-display":"","ast-hfb-mobile-header-display":"","site-post-title":"","ast-breadcrumbs-content":"","ast-featured-img":"","footer-sml-layout":"","theme-transparent-header-meta":"","adv-header-id-meta":"","stick-header-meta":"","header-above-stick-meta":"","header-main-stick-meta":"","header-below-stick-meta":"","astra-migrate-meta-layouts":"default","ast-page-background-enabled":"default","ast-page-background-meta":{"desktop":{"background-color":"var(--ast-global-color-4)","background-image":"","background-repeat":"repeat","background-position":"center center","background-size":"auto","background-attachment":"scroll","background-type":"","background-media":"","overlay-type":"","overlay-color":"","overlay-opacity":"","overlay-gradient":""},"tablet":{"background-color":"","background-image":"","background-repeat":"repeat","background-position":"center center","background-size":"auto","background-attachment":"scroll","background-type":"","background-media":"","overlay-type":"","overlay-color":"","overlay-opacity":"","overlay-gradient":""},"mobile":{"background-color":"","background-image":"","background-repeat":"repeat","background-position":"center center","background-size":"auto","background-attachment":"scroll","background-type":"","background-media":"","overlay-type":"","overlay-color":"","overlay-opacity":"","overlay-gradient":""}},"ast-content-background-meta":{"desktop":{"background-color":"var(--ast-global-color-5)","background-image":"","background-repeat":"repeat","background-position":"center center","background-size":"auto","background-attachment":"scroll","background-type":"","background-media":"","overlay-type":"","overlay-color":"","overlay-opacity":"","overlay-gradient":""},"tablet":{"background-color":"var(--ast-global-color-5)","background-image":"","background-repeat":"repeat","background-position":"center center","background-size":"auto","background-attachment":"scroll","background-type":"","background-media":"","overlay-type":"","overlay-color":"","overlay-opacity":"","overlay-gradient":""},"mobile":{"background-color":"var(--ast-global-color-5)","background-image":"","background-repeat":"repeat","background-position":"center center","background-size":"auto","background-attachment":"scroll","background-type":"","background-media":"","overlay-type":"","overlay-color":"","overlay-opacity":"","overlay-gradient":""}},"_EventAllDay":false,"_EventTimezone":"","_EventStartDate":"","_EventEndDate":"","_EventStartDateUTC":"","_EventEndDateUTC":"","_EventShowMap":false,"_EventShowMapLink":false,"_EventURL":"","_EventCost":"","_EventCostDescription":"","_EventCurrencySymbol":"","_EventCurrencyCode":"","_EventCurrencyPosition":"","_EventDateTimeSeparator":"","_EventTimeRangeSeparator":"","_EventOrganizerID":[],"_EventVenueID":[],"_OrganizerEmail":"","_OrganizerPhone":"","_OrganizerWebsite":"","_VenueAddress":"","_VenueCity":"","_VenueCountry":"","_VenueProvince":"","_VenueState":"","_VenueZip":"","_VenuePhone":"","_VenueURL":"","_VenueStateProvince":"","_VenueLat":"","_VenueLng":"","_VenueShowMap":false,"_VenueShowMapLink":false,"footnotes":""},"class_list":["post-66","page","type-page","status-publish","hentry"],"_links":{"self":[{"href":"http:\/\/www.abbevillelariviere.fr\/index.php?rest_route=\/wp\/v2\/pages\/66"}],"collection":[{"href":"http:\/\/www.abbevillelariviere.fr\/index.php?rest_route=\/wp\/v2\/pages"}],"about":[{"href":"http:\/\/www.abbevillelariviere.fr\/index.php?rest_route=\/wp\/v2\/types\/page"}],"author":[{"embeddable":true,"href":"http:\/\/www.abbevillelariviere.fr\/index.php?rest_route=\/wp\/v2\/users\/2"}],"replies":[{"embeddable":true,"href":"http:\/\/www.abbevillelariviere.fr\/index.php?rest_route=%2Fwp%2Fv2%2Fcomments&post=66"}],"version-history":[{"count":15,"href":"http:\/\/www.abbevillelariviere.fr\/index.php?rest_route=\/wp\/v2\/pages\/66\/revisions"}],"predecessor-version":[{"id":652,"href":"http:\/\/www.abbevillelariviere.fr\/index.php?rest_route=\/wp\/v2\/pages\/66\/revisions\/652"}],"up":[{"embeddable":true,"href":"http:\/\/www.abbevillelariviere.fr\/index.php?rest_route=\/wp\/v2\/pages\/16"}],"wp:attachment":[{"href":"http:\/\/www.abbevillelariviere.fr\/index.php?rest_route=%2Fwp%2Fv2%2Fmedia&parent=66"}],"curies":[{"name":"wp","href":"https:\/\/api.w.org\/{rel}","templated":true}]}}